{"id":4196,"date":"2021-03-03T21:50:24","date_gmt":"2021-03-03T19:50:24","guid":{"rendered":"http:\/\/www.ako-airoe.de\/?page_id=4196"},"modified":"2024-04-08T20:43:23","modified_gmt":"2024-04-08T18:43:23","slug":"rechtliche-hinweise-datenschutzerklaerung","status":"publish","type":"page","link":"http:\/\/www.ako-airoe.de\/?page_id=4196","title":{"rendered":"Datenschutzerkl\u00e4rung"},"content":{"rendered":"\n<p><\/p>\n\n\n\n<h2>Disclaimer \u2013 rechtliche Hinweise<\/h2>\n\n\n\n<p>\n\u00a7 1 Warnhinweis zu Inhalten<\/p>\n\n\n\n<p>\nDie kostenlosen und frei zug\u00e4nglichen Inhalte dieser Webseite wurden mit gr\u00f6\u00dftm\u00f6glicher Sorgfalt erstellt. Der Anbieter dieser Webseite \u00fcbernimmt jedoch keine Gew\u00e4hr f\u00fcr die Richtigkeit und Aktualit\u00e4t der bereitgestellten kostenlosen und frei zug\u00e4nglichen journalistischen Ratgeber und Nachrichten. Namentlich gekennzeichnete Beitr\u00e4ge geben die Meinung des jeweiligen Autors und nicht immer die Meinung des Anbieters wieder. Allein durch den Aufruf der kostenlosen und frei zug\u00e4nglichen Inhalte kommt keinerlei Vertragsverh\u00e4ltnis zwischen dem Nutzer und dem Anbieter zustande, insoweit fehlt es am Rechtsbindungswillen des Anbieters.<\/p>\n\n\n\n<p><\/p>\n\n\n\n<p>\n\u00a7 2 Externe Links<\/p>\n\n\n\n<p>\nDiese Website enth\u00e4lt Verkn\u00fcpfungen zu Websites Dritter (&#8222;externe Links&#8220;). Diese Websites unterliegen der Haftung der jeweiligen Betreiber. Der Anbieter hat bei der erstmaligen Verkn\u00fcpfung der externen Links die fremden Inhalte daraufhin \u00fcberpr\u00fcft, ob etwaige Rechtsverst\u00f6\u00dfe bestehen. Zu dem Zeitpunkt waren keine Rechtsverst\u00f6\u00dfe ersichtlich. Der Anbieter hat keinerlei Einfluss auf die aktuelle und zuk\u00fcnftige Gestaltung und auf die Inhalte der verkn\u00fcpften Seiten. Das Setzen von externen Links bedeutet nicht, dass sich der Anbieter die hinter dem Verweis oder Link liegenden Inhalte zu Eigen macht. Eine st\u00e4ndige Kontrolle der externen Links ist f\u00fcr den Anbieter ohne konkrete Hinweise auf Rechtsverst\u00f6\u00dfe nicht zumutbar. Bei Kenntnis von Rechtsverst\u00f6\u00dfen werden jedoch derartige externe Links unverz\u00fcglich gel\u00f6scht.<\/p>\n\n\n\n<p><\/p>\n\n\n\n<p>\n\u00a7 3 Urheber- und Leistungsschutzrechte<\/p>\n\n\n\n<p>\nDie auf dieser Website ver\u00f6ffentlichten Inhalte unterliegen dem deutschen Urheber- und Leistungsschutzrecht. Jede vom deutschen Urheber- und Leistungsschutzrecht nicht zugelassene Verwertung bedarf der vorherigen schriftlichen Zustimmung des Anbieters oder jeweiligen Rechteinhabers. Dies gilt insbesondere f\u00fcr Vervielf\u00e4ltigung, Bearbeitung, \u00dcbersetzung, Einspeicherung, Verarbeitung bzw. Wiedergabe von Inhalten in Datenbanken oder anderen elektronischen Medien und Systemen. Inhalte und Rechte Dritter sind dabei als solche gekennzeichnet. Die unerlaubte Vervielf\u00e4ltigung oder Weitergabe einzelner Inhalte oder kompletter Seiten ist nicht gestattet und strafbar. Lediglich die Herstellung von Kopien und Downloads f\u00fcr den pers\u00f6nlichen, privaten und nicht kommerziellen Gebrauch ist erlaubt.<\/p>\n\n\n\n<p><\/p>\n\n\n\n<p>\nDie Darstellung dieser Website in fremden Frames ist nur mit schriftlicher Erlaubnis zul\u00e4ssig.<\/p>\n\n\n\n<p><\/p>\n\n\n\n<p>\n\u00a7 4 Besondere Nutzungsbedingungen<\/p>\n\n\n\n<p>\nSoweit besondere Bedingungen f\u00fcr einzelne Nutzungen dieser Website von den vorgenannten Paragraphen abweichen, wird an entsprechender Stelle ausdr\u00fccklich darauf hingewiesen. In diesem Falle gelten im jeweiligen Einzelfall die besonderen Nutzungsbedingungen.<\/p>\n\n\n\n<p>Quelle: <a href=\"https:\/\/www.juraforum.de\/impressum-generator\/\">Impressum Generator von JuraForum.de<\/a><\/p>\n\n\n\n<p><strong>Datenschutz<\/strong><\/p>\n\n\n\n<p>Wir informieren Sie nachfolgend gem\u00e4\u00df den gesetzlichen Vorgaben des  Datenschutzrechts (insb. gem\u00e4\u00df BDSG n.F. und der europ\u00e4ischen  Datenschutz-Grundverordnung \u201aDS-GVO\u2018) \u00fcber die Art, den Umfang und Zweck  der Verarbeitung personenbezogener Daten durch unseren Verein. Diese  Datenschutzerkl\u00e4rung gilt auch f\u00fcr unsere Websites und  Sozial-Media-Profile. Bez\u00fcglich der Definition von Begriffen wie etwa  \u201epersonenbezogene Daten\u201c oder \u201eVerarbeitung\u201c verweisen wir auf Art. 4  DS-GVO.<\/p>\n\n\n\n<p><strong>Name und Kontaktdaten des \/ der Verantwortlichen<\/strong><br> Unser\/e Verantwortliche  i.S.d. Art. 4 Zif. 7 DS-GVO ist:<br><\/p>\n\n\n\n<p>Akkordeonorchester Aichhalden-R\u00f6tenberg<br>Silke Herzog<br>Zuberallmend 35<br>78733 Aichhalden-R\u00f6tenberg<br>E-Mail-Adresse: info@ako-airoe.de<\/p>\n\n\n\n<p><strong>Datenarten, Zwecke der Verarbeitung und Kategorien betroffener Personen<\/strong><br><\/p>\n\n\n\n<p>Nachfolgend informieren wir Sie \u00fcber Art, Umfang und Zweck der Erhebung, Verarbeitung und Nutzung personenbezogener Daten.<\/p>\n\n\n\n<p><strong>1. Arten der Daten, die wir verarbeiten<\/strong><br>Nutzungsdaten (Zugriffszeiten, besuchte Websites etc.), <br><br><strong>2. Zwecke der Verarbeitung nach Art. 13 Abs. 1 c) DS-GVO<\/strong><br><\/p>\n\n\n\n<p>Website technisch und wirtschaftlich optimieren, Leichten Zugang zur Website erm\u00f6glichen, Kontaktaufnahme bei juristischer Beanstandung durch Dritte, Optimierung und statistische Auswertung unserer Dienste, Kommerzielle Nutzung der Website unterst\u00fctzen, Website benutzerfreundlich gestalten, Marketing \/ Vertrieb \/ Werbung,<\/p>\n\n\n\n<p><br><br><strong>3. Kategorien der betroffenen Personen nach Art. 13 Abs. 1 e) DS-GVO<\/strong><br>Besucher\/Nutzer der Website<br><br><\/p>\n\n\n\n<p>Die betroffenen Personen werden zusammenfassend als \u201eNutzer\u201c bezeichnet.<\/p>\n\n\n\n<p><br><strong>Rechtsgrundlagen der Verarbeitung personenbezogener Daten<\/strong><\/p>\n\n\n\n<p>Nachfolgend Informieren wir Sie \u00fcber die Rechtsgrundlagen der Verarbeitung personenbezogener Daten:<\/p>\n\n\n\n<ol><li>Wenn wir Ihre Einwilligung f\u00fcr die Verarbeitung \npersonenbezogenen Daten eingeholt haben, ist Art. 6 Abs. 1 S. 1 lit. a) \nDS-GVO Rechtsgrundlage.<\/li><li>Ist die Verarbeitung zur Erf\u00fcllung eines Vertrags oder \nzur Durchf\u00fchrung vorvertraglicher Ma\u00dfnahmen erforderlich, die auf Ihre \nAnfrage hin erfolgen, so ist Art. 6 Abs. 1 S. 1 lit. b) DS-GVO \nRechtsgrundlage.<\/li><li>Ist die Verarbeitung zur Erf\u00fcllung einer rechtlichen \nVerpflichtung erforderlich, der wir unterliegen (z.B. gesetzliche \nAufbewahrungspflichten), so ist Art. 6 Abs. 1 S. 1 lit. c) DS-GVO \nRechtsgrundlage.<\/li><li>Ist die Verarbeitung erforderlich, um lebenswichtige \nInteressen der betroffenen Person oder einer anderen nat\u00fcrlichen Person \nzu sch\u00fctzen, so ist Art. 6 Abs. 1 S. 1 lit. d) DS-GVO Rechtsgrundlage.<\/li><li>Ist die Verarbeitung zur Wahrung unserer oder der \nberechtigten Interessen eines Dritten erforderlich und \u00fcberwiegen \ndiesbez\u00fcglich Ihre Interessen oder Grundrechte und Grundfreiheiten \nnicht, so ist Art. 6 Abs. 1 S. 1 lit. f) DS-GVO Rechtsgrundlage.<\/li><\/ol>\n\n\n\n<p><strong>Weitergabe personenbezogener Daten an Dritte und Auftragsverarbeiter<\/strong><\/p>\n\n\n\n<p class=\"has-vivid-red-color has-text-color\"><span class=\"has-inline-color has-black-color\">Ohne Ihre Einwilligung geben wir grunds\u00e4tzlich keine Daten an  Dritte weiter. Sollte dies doch der Fall sein, dann erfolgt die  Weitergabe auf der Grundlage der zuvor genannten Rechtsgrundlagen z.B.  bei der Weitergabe von Daten an Online-Paymentanbieter zur  Vertragserf\u00fcllung oder aufgrund gerichtlicher Anordnung oder wegen einer  gesetzlichen Verpflichtung zur Herausgabe der Daten zum Zwecke der  Strafverfolgung, zur Gefahrenabwehr oder zur Durchsetzung der Rechte am  geistigen Eigentum.<br>             Wir setzen zudem Auftragsverarbeiter (externe Dienstleister  z.B. zum Webhosting unserer Websites und Datenbanken) zur Verarbeitung  Ihrer Daten ein. Wenn im Rahmen einer Vereinbarung zur  Auftragsverarbeitung an die Auftragsverarbeiter Daten weitergegeben  werden, erfolgt dies immer nach Art. 28 DS-GVO. Wir w\u00e4hlen dabei unsere  Auftragsverarbeiter sorgf\u00e4ltig aus, kontrollieren diese regelm\u00e4\u00dfig und  haben uns ein Weisungsrecht hinsichtlich der Daten einr\u00e4umen lassen.  Zudem m\u00fcssen die Auftragsverarbeiter geeignete technische und  organisatorische Ma\u00dfnahmen getroffen haben und die  Datenschutzvorschriften gem. BDSG n.F. und DS-GVO einhalten.<\/span><\/p>\n\n\n\n<p class=\"has-vivid-red-color has-text-color\"><span class=\"has-inline-color has-black-color\"><br><strong>Daten\u00fcbermittlung in Drittstaaten<\/strong><\/span><\/p>\n\n\n\n<p>Durch die Verabschiedung der europ\u00e4ischen Datenschutz-Grundverordnung (DS-GVO) wurde eine einheitliche Grundlage f\u00fcr den Datenschutz in Europa geschaffen. Ihre Daten werden daher vorwiegend<br>durch Unternehmen verarbeitet, f\u00fcr die DS-GVO Anwendung findet. Sollte doch die Verarbeitung durch Dienste Dritter au\u00dferhalb der Europ\u00e4ischen Union oder des Europ\u00e4ischen Wirtschaftsraums stattfinden, so<br>m\u00fcssen diese die besonderen Voraussetzungen der Art. 44 ff. DS-GVO erf\u00fcllen. Das bedeutet, die Verarbeitung erfolgt aufgrund besonderer Garantien, wie etwa die von der EU-Kommission offiziell<br>anerkannte Feststellung eines der EU entsprechenden Datenschutzniveaus oder der Beachtung offiziell anerkannter spezieller vertraglicher Verpflichtungen, der so genannten \u201eStandardvertragsklauseln\u201c.<br>Soweit wir aufgrund der Unwirksamkeit des sog. \u201ePrivacy Shields\u201c, nach Art. 49 Abs. 1 S. 1 lit. a) DSGVO die ausdr\u00fcckliche Einwilligung in die Daten\u00fcbermittlung in die USA von Ihnen einholen, weisen wird<br>diesbez\u00fcglich auf das Risiko eines geheimen Zugriffs durch US-Beh\u00f6rden und die Nutzung der Daten zu \u00dcberwachungszwecken, ggf. ohne Rechtsbehelfsm\u00f6glichkeiten f\u00fcr EU-B\u00fcrger, hin.<\/p>\n\n\n\n<p class=\"has-vivid-red-color has-text-color\"><br><strong><span class=\"has-inline-color has-black-color\">L\u00f6schung von Daten und Speicherdauer<\/span><\/strong><\/p>\n\n\n\n<p>Sofern nicht in dieser Datenschutzerkl\u00e4rung ausdr\u00fccklich  angegeben, werden Ihre personenbezogen Daten gel\u00f6scht oder gesperrt,  sobald der Zweck f\u00fcr die Speicherung entf\u00e4llt, es sei denn deren weitere  Aufbewahrung ist zu Beweiszwecken erforderlich oder dem stehen  gesetzliche Aufbewahrungspflichten entgegenstehen. Darunter fallen etwa  handelsrechtliche Aufbewahrungspflichten von Gesch\u00e4ftsbriefen nach \u00a7 257  Abs. 1 HGB (6 Jahre) sowie steuerrechtliche Aufbewahrungspflichten nach  \u00a7 147 Abs. 1 AO von Belegen (10 Jahre). Wenn die vorgeschriebene  Aufbewahrungsfrist abl\u00e4uft, erfolgt eine Sperrung oder L\u00f6schung Ihrer  Daten, es sei denn die Speicherung ist weiterhin f\u00fcr einen  Vertragsabschluss oder zur Vertragserf\u00fcllung erforderlich.<\/p>\n\n\n\n<p><br><strong>Bestehen einer automatisierten Entscheidungsfindung<\/strong><\/p>\n\n\n\n<p>Wir setzen keine automatische Entscheidungsfindung oder ein Profiling ein.<br><strong>Bereitstellung unserer Website und Erstellung von Logfiles<\/strong><\/p>\n\n\n\n<ol><li>Wenn Sie unsere Webseite lediglich informatorisch  nutzen (also keine Registrierung und auch keine anderweitige  \u00dcbermittlung von Informationen), erheben wir nur die personenbezogenen  Daten, die Ihr Browser an unseren Server \u00fcbermittelt. Wenn Sie unsere  Website betrachten m\u00f6chten, erheben wir die folgenden Daten:                                                    \u2022 IP-Adresse;<br>             \u2022 Internet-Service-Provider des Nutzers;<br>             \u2022 Datum und Uhrzeit des Abrufs;<br>             \u2022 Browsertyp;<br>             \u2022 Sprache und Browser-Version;<br>             \u2022 Inhalt des Abrufs;<br>             \u2022 Zeitzone;<br>             \u2022 Zugriffsstatus\/HTTP-Statuscode;<br>             \u2022 Datenmenge;<br>             \u2022 Websites, von denen die Anforderung kommt;<br>             \u2022 Betriebssystem.<br>             Eine Speicherung dieser Daten zusammen mit anderen personenbezogenen Daten von Ihnen findet nicht statt.<br><br>              <\/li><li>Diese Daten dienen dem Zweck der nutzerfreundlichen,  funktionsf\u00e4higen und sicheren Auslieferung unserer Website an Sie mit  Funktionen und Inhalten sowie deren Optimierung und statistischen  Auswertung.<br><br><\/li><li>Rechtsgrundlage hierf\u00fcr ist unser in den obigen Zwecken  auch liegendes berechtigtes Interesse an der Datenverarbeitung nach Art.  6 Abs. 1 S.1 lit. f)  DS-GVO.<br><br><\/li><li>Wir speichern aus Sicherheitsgr\u00fcnden diese Daten in  Server-Logfiles f\u00fcr die Speicherdauer von  <strong>X Tagen.<\/strong> Nach Ablauf dieser  Frist werden diese automatisch gel\u00f6scht, es sei denn wir ben\u00f6tigen deren  Aufbewahrung zu Beweiszwecken bei Angriffen auf die Serverinfrastruktur  oder anderen Rechtsverletzungen.<br><\/li><\/ol>\n\n\n\n<p><strong>Nutzung der Blog-Funktionen \/ Kommentare<\/strong><\/p>\n\n\n\n<ol><li>Sie k\u00f6nnen in unserem Bl<strong>og, der Beitr\u00e4ge zu Themen unserer  Website enth\u00e4lt, \u00f6ffentliche Kommentare abgeben. Sie k\u00f6nnen ein  Pseudonym statt eines Klarnamens verwenden. Ihr Beitrag wird dann unter  dem Pseudonym ver\u00f6ffentlicht. Die Angabe der E-Mail-Adresse ist Pflicht,  alle sonstigen Informationen sind freiwillig.<\/strong><br><br><\/li><li>Wir speichern bei Ihrer Einstellung eines Kommentars Ihre  IP-Adresse mit Datum und Uhrzeit, welche wir nach X Tagen l\u00f6schen. Die  Speicherung dient dem berechtigten Interesse der Verteidigung gegen die  Inanspruchnahme Dritter bei der Ver\u00f6ffentlichung rechtswidriger oder  unwahrer Inhalte durch Sie. Ihre E-Mail-Adresse speichern wir zum Zweck  der Kontaktaufnahme falls Dritte Ihre Kommentare juristisch beanstanden  sollten.<br><br><\/li><li>Rechtsgrundlagen sind Art. 6 Abs. 1 S. 1 lit. b) und f) DS-GVO.<br><br><\/li><li>Vor der Ver\u00f6ffentlichung pr\u00fcfen wir Ihre Kommentare nicht. Im  Falle von Beanstandungen Dritter behalten wir uns ein L\u00f6schrecht  hinsichtlich Ihrer Kommentare vor. Wir geben die Daten nicht an Dritte  weiter, es sei denn es ist notwendig zur Verfolgung unserer Anspr\u00fcche  oder es besteht eine gesetzliche Verpflichtung (Art. 6 Abs. 1 S. 1. lit.  c) DS-GVO).<br><br><\/li><li>Die Daten werden gel\u00f6scht, sobald sie f\u00fcr die Erreichung des  Zweckes ihrer Erhebung bzw. die Durchf\u00fchrung des Vertrages nicht mehr  erforderlich sind, weil der Vertrag beendet wurde.<br><br><\/li><\/ol>\n\n\n\n<p><strong>Facebook Custom Audiences<\/strong><\/p>\n\n\n\n<ol><li>Wir verwenden auf unserer Website die Remarketing-Funktion \u201eCustom Audiences\u201c der Facebook Inc., 1 Hacker Way, Menlo Park, CA 94025, USA bzw. falls Sie in der EU ans\u00e4ssig sind, Facebook Ireland Ltd., 4 Grand Canal Square, Grand Canal Harbour, Dublin 2, Irland.<\/li><li>Datenkategorien und Beschreibung der Datenverarbeitung: IP-Adresse, Cookie-ID, Lokalisierungsinformationen. Wenn Sie das soziale Netzwerk Facebook oder andere Websites, die diese Remarketing-Funktion nutzen, besuchen k\u00f6nnen Ihren interessenbezogenen Werbeanzeigen<br>(\u201eFacebook-Ads\u201c) angezeigt werden. Wir nutzen die Remarketing-Funktion zur Optimierung und wirtschaftlichen Betrieb unserer Website und um Ihnen m\u00f6glichst Werbung zu zeigen, die Sie interessiert und um damit unsere Website benutzerfreundlicher zu gestalten. Beim Aufruf unserer Website stellt Ihr Browser eine Verbindung zu den Servern von Facebook her. Facebook erh\u00e4lt aber die Information, dass Sie eine entsprechende Anzeige aufgerufen bzw. geklickt haben. Wenn Sie<br>dabei bei Facebook eingeloggt sind, kann Facebook diese Informationen Ihrem Account zuordnen. Hinsichtlich der Verarbeitung durch Facebook lesen Sie bitte Facebooks Datenschutzerkl\u00e4rung unter<br>https:\/\/www.facebook.com\/policy.php. Spezielle Informationen und Details zum Facebook-Pixel und seiner Funktionsweise erhalten Sie im Hilfebereich von Facebook:<br>https:\/\/www.facebook.com\/business\/help\/651294705016616.<\/li><li>Zweck der Verarbeitung: Anzeige von personalisierter Werbung, Messung und Auswertung der Werbung, Abrechnung der Werbung, Analyse des Betrachtungsverhaltens.<\/li><li>Rechtsgrundlagen: Haben Sie f\u00fcr Verarbeitung Ihrer personenbezogenen Daten mittels \u201eCustom Audiences\u201c vom Drittanbieter Ihre Einwilligung erteilt (\u201eOpt-in\u201c), dann ist Art. 6 Abs. 1 S. 1 lit. a) DS-GVO die Rechtsgrundlage. Rechtsgrundlage ist zudem unser in den obigen Zwecken auch liegendes berechtigtes Interesse an der Datenverarbeitung nach Art. 6 Abs. 1 S.1 lit. f) DS-GVO.<\/li><li>Speicherdauer: Facebook gibt uns 180 Tage lang Zugriff darauf.<\/li><li>Daten\u00fcbermittlung\/Empf\u00e4ngerkategorie: Facebook Irland.<\/li><li>Widerspruchsm\u00f6glichkeit (\u201eOpt-Out\u201c): Die Deaktivierung der Funktion \u201eFacebook Custom Audiences\u201c ist f\u00fcr eingeloggte Nutzer unter diesem Link m\u00f6glich: https:\/\/www.facebook.com\/settings\/?tab=ads#.<\/li><\/ol>\n\n\n\n<p><strong>Google Analytics<\/strong><\/p>\n\n\n\n<ol><li>Wir haben das Webseitenanalyse-Tool \u201eGoogle  Analytics\u201c (Google Ireland Limited, Registernr.: 368047, Gordon House,  Barrow Street, Dublin 4, Irland) auf unserer Website integriert.<br><\/li><li><strong>Datenkategorien und Beschreibung der Datenverarbeitung<\/strong>: User-ID, IP-Adresse (anonymisiert). Beim Besuch unserer Website setzt Google einen Cookie auf Ihren Computer, um die Benutzung unserer Website durch Sie analysieren zu k\u00f6nnen. Wir haben die IP-Anonymisierung \u201eanonymizeIP\u201c aktiviert, wodurch die IP-Adressen nur gek\u00fcrzt weiterverarbeitet werden. Auf dieser Webseite wird Ihre IP-Adresse von Google daher innerhalb von Mitgliedstaaten der Europ\u00e4ischen Union oder in anderen Vertragsstaaten des Abkommens \u00fcber den Europ\u00e4ischen Wirtschaftsraum zuvor gek\u00fcrzt. Nur in Ausnahmef\u00e4llen wird die volle IP-Adresse an einen Server von Google in den USA \u00fcbertragen und dort gek\u00fcrzt. Im Auftrag des Betreibers dieser Webseite wird Google diese Informationen benutzen, um Ihre Nutzung der Webseite auszuwerten, um Reports \u00fcber die Webseitenaktivit\u00e4ten zusammenzustellen und um weitere, mit der Websitenutzung und der Internetnutzung verbundene, Dienstleistungen gegen\u00fcber dem Verantwortlichen zu erbringen. Wir haben dar\u00fcber hinaus die ger\u00e4te\u00fcbergreifende Analyse von Website-Besuchern aktiviert, die \u00fcber eine sog. User-ID durchgef\u00fchrt wird. Die im Rahmen von Google Analytics von Ihrem Browser \u00fcbermittelte IP-Adresse wird nicht mit anderen Daten von Google zusammengef\u00fchrt. Weitere Informationen zu Datennutzung bei Google Analytics finden Sie hier: https:\/\/www.google.com\/analytics\/terms\/de.html (Nutzungsbedingungen von Analytics), https:\/\/support.google.com\/analytics\/answer\/6004245?hl=de (Hinweise zum Datenschutz bei Analytics) und Googles  Datenschutzerkl\u00e4rung https:\/\/policies.google.com\/privacy. <\/li><li><strong>Zweck der Verarbeitung: <\/strong>Die Nutzung von Google Analytics dient dem Zweck der Analyse, Optimierung und Verbesserung unserer Website.<\/li><li><strong>Rechtsgrundlagen:<\/strong> Haben Sie f\u00fcr Verarbeitung Ihrer personenbezogenen Daten mittels \u201eGoogle Analytics\u201c vom Drittanbieter Ihre Einwilligung erteilt (\u201eOpt-in\u201c), dann ist Art. 6 Abs. 1 S. 1 lit. a) DS-GVO die Rechtsgrundlage. Rechtsgrundlage ist zudem unser in den obigen Zwecken liegendes berechtigtes Interesse (der Analyse, Optimierung und Verbesserung unserer Website) an der Datenverarbeitung nach Art. 6 Abs. 1 S.1 lit. f) DS-GVO. Bei Services, die im Zusammenhang mit einem Vertrag erbracht werden, erfolgt das Tracking und die Analyse des Nutzerhaltens nach Art. 6 Abs. 1 S. 1 lit. b) DS-GVO, um mit den dadurch gewonnen Informationen, optimierte Services zur Erf\u00fcllung des Vertragszwecks anbieten zu k\u00f6nnen. <\/li><li><strong>Speicherdauer:<\/strong> Die von uns gesendeten und mit Cookies, Nutzerkennungen (z. B. User-ID) oder Werbe-IDs verkn\u00fcpften Daten werden nach Monaten automatisch gel\u00f6scht. Die L\u00f6schung von Daten, deren Aufbewahrungsdauer erreicht ist, erfolgt automatisch einmal im Monat. Daten\u00fcbermittlung\/Empf\u00e4ngerkategorie: Google, Irland und USA. Wir haben zudem mit Google eine Vereinbarung zur Auftragsverarbeitung nach Art. 28 DS-GVO geschlossen.<\/li><li><strong>Widerspruchs- und Beseitigungsm\u00f6glichkeiten (\u201eOpt-Out\u201c)<\/strong>: Das Speichern von Cookies auf Ihrer Festplatte k\u00f6nnen Sie allgemein verhindern, indem Sie in Ihren Browser-Einstellungen \u201ekeine Cookies akzeptieren\u201c w\u00e4hlen. Dies kann aber eine Funktionseinschr\u00e4nkung unserer Angebote zur Folge haben. Sie k\u00f6nnen dar\u00fcber hinaus die Erfassung der, durch das Cookie erzeugten und auf Ihre Nutzung der Website bezogenen, Daten an Google sowie die Verarbeitung dieser Daten durch Google verhindern, indem sie das unter dem folgenden Link verf\u00fcgbare Browser-Plugin herunterladen und installieren: http:\/\/tools.google.com\/dlpage\/gaoptout?hl=de. Dieses Cookie gilt nur f\u00fcr unsere Webseite und Ihre aktuellen Browser und hat nur solange Bestand bis Sie Ihre Cookies l\u00f6schen. In dem Falle m\u00fcssten Sie das Cookie erneut setzen.  Die ger\u00e4te\u00fcbergreifende Nutzeranalyse k\u00f6nnen Sie in Ihrem Google-Account unter \u201eMeine Daten &gt;pers\u00f6nliche Daten\u201c deaktivieren.<\/li><\/ol>\n\n\n\n<p><strong>Pr\u00e4senz in sozialen Medien<\/strong><\/p>\n\n\n\n<p>1. Wir unterhalten in sozialen Medien Profile bzw. Fanpages. Bei der Nutzung und dem Aufruf unseres Profils im jeweiligen Netzwerk durch Sie gelten die jeweiligen Datenschutzhinweise und Nutzungsbedingungen des jeweiligen Netzwerks.<\/p>\n\n\n\n<p>2. <strong> Datenkategorien und Beschreibung der Datenverarbeitung: <\/strong>Nutzungsdaten, Kontaktdaten,Inhaltsdaten, Bestandsdaten. Ferner werden die Daten der Nutzer innerhalb sozialer Netzwerke im Regelfall f\u00fcr Marktforschungs- und Werbezwecke verarbeitet. So k\u00f6nnen z.B. anhand des Nutzungsverhaltens und sich daraus ergebender Interessen der Nutzer Nutzungsprofile erstellt werden. Die Nutzungsprofile k\u00f6nnen wiederum verwendet werden, um z.B. Werbeanzeigen innerhalb und au\u00dferhalb der Netzwerke zu schalten, die mutma\u00dflich den Interessen der Nutzer entsprechen. Zu diesen Zwecken werden im Regelfall Cookies auf den Rechnern der Nutzer gespeichert, in denen das Nutzungsverhalten und die Interessen der Nutzer gespeichert werden. Ferner k\u00f6nnen in den<br>Nutzungsprofilen auch Daten unabh\u00e4ngig der von den Nutzern verwendeten Ger\u00e4te gespeichert werden (insbesondere, wenn die Nutzer Mitglieder der jeweiligen Plattformen sind und bei diesen<br>eingeloggt sind). F\u00fcr eine detaillierte Darstellung der jeweiligen Verarbeitungsformen und der Widerspruchsm\u00f6glichkeiten (Opt-Out) verweisen wir auf die Datenschutzerkl\u00e4rungen und Angaben<br>der Betreiber der jeweiligen Netzwerke. Auch im Fall von Auskunftsanfragen und der Geltendmachung von Betroffenenrechten weisen wir darauf hin, dass diese am effektivsten bei den Anbietern geltend<br>gemacht werden k\u00f6nnen. Nur die Anbieter haben jeweils Zugriff auf die Daten der Nutzer und k\u00f6nnen direkt entsprechende Ma\u00dfnahmen ergreifen und Ausk\u00fcnfte geben. Sollten Sie dennoch Hilfe ben\u00f6tigen, dann k\u00f6nnen Sie sich an uns wenden.<\/p>\n\n\n\n<p><strong>3. Zweck der Verarbeitung<\/strong>: Kommunikation mit den auf den sozialen Netzwerken angeschlossenen und registrierten Nutzern; Information und Werbung f\u00fcr unsere Produkte, Angebote und Dienstleistungen; Au\u00dferdarstellung und Imagepflege; Auswertung und Analyse der Nutzer und Inhalte unserer Pr\u00e4senzen in den sozialen Medien.<\/p>\n\n\n\n<p><strong>4. Rechtsgrundlagen<\/strong>: Die Rechtsgrundlage f\u00fcr die Verarbeitung der personenbezogenen Daten ist unser in den obigen Zwecken liegendes berechtigtes Interesse gem\u00e4\u00df Art. 6 Abs. 1 S. 1 lit. f) DS-GVO. Soweit Sie uns bzw. dem Verantwortlichen des sozialen Netzwerks eine Einwilligung in die<br>Verarbeitung Ihrer personenbezogenen Daten erteilt haben, ist Rechtsgrundlage Art. 6 Abs. 1 S. 1 lit. a) i.V.m. Art. 7 DS-GVO.<\/p>\n\n\n\n<p><strong>5. Daten\u00fcbermittlung\/Empf\u00e4ngerkategorie<\/strong>: Soziales Netzwerk.<\/p>\n\n\n\n<p>6. Die Datenschutzhinweise, Auskunftsm\u00f6glichkeiten und Widerspruchm\u00f6glichkeiten (Opt-Out) der jeweiligen Netzwerke \/ Diensteanbieter finden Sie hier:<br>\u2022 <strong>Facebook<\/strong> \u2013 Diensteanbieter: Facebook Ireland Ltd., 4 Grand Canal Square, Grand Canal Harbour, Dublin 2, Irland); Website: www.facebook.com; Datenschutzerkl\u00e4rung:<br>https:\/\/www.facebook.com\/about\/privacy\/, Opt-Out: https:\/\/www.facebook.com\/settings?tab=ads und<br>http:\/\/www.youronlinechoices.com; Widerspruch:<br>https:\/\/www.facebook.com\/help\/contact\/2061665240770586; Vereinbarung \u00fcber gemeinsame Verarbeitung personenbezogener Daten auf Facebook-Seiten (Art. 26 DS-GVO):<br>https:\/\/www.facebook.com\/legal\/terms\/page_controller_addendum, Datenschutzhinweise f\u00fcr Facebook-Seiten: https:\/\/www.facebook.com\/legal\/terms\/information_about_page_insights_data.<\/p>\n\n\n\n<p><strong>Rechte der betroffenen Person<\/strong><\/p>\n\n\n\n<ol><li><strong>Widerspruch oder Widerruf gegen die Verarbeitung Ihrer Daten<br><br>Soweit die Verarbeitung auf Ihrer Einwilligung gem\u00e4\u00df  Art. 6 Abs. 1 S. 1 lit. a), Art. 7 DS-GVO beruht, haben Sie das Recht,  die Einwilligung jederzeit zu widerrufen. Die Rechtm\u00e4\u00dfigkeit der  aufgrund der Einwilligung bis zum Widerruf erfolgten Verarbeitung wird  dadurch nicht ber\u00fchrt.<br><br> Soweit wir die Verarbeitung Ihrer personenbezogenen  Daten auf die Interessenabw\u00e4gung gem\u00e4\u00df Art. 6 Abs. 1 S. 1 lit. f) DS-GVO  st\u00fctzen, k\u00f6nnen Sie Widerspruch gegen die Verarbeitung einlegen. Dies  ist der Fall, wenn die Verarbeitung insbesondere nicht zur Erf\u00fcllung  eines Vertrags mit Ihnen erforderlich ist, was von uns jeweils bei der  nachfolgenden Beschreibung der Funktionen dargestellt wird. Bei Aus\u00fcbung  eines solchen Widerspruchs bitten wir um Darlegung der Gr\u00fcnde, weshalb  wir Ihre personenbezogenen Daten nicht wie von uns durchgef\u00fchrt  verarbeiten sollten. Im Falle Ihres begr\u00fcndeten Widerspruchs pr\u00fcfen wir  die Sachlage und werden entweder die Datenverarbeitung einstellen bzw.  anpassen oder Ihnen unsere zwingenden schutzw\u00fcrdigen Gr\u00fcnde aufzeigen,  aufgrund derer wir die Verarbeitung fortf\u00fchren.<br>Sie k\u00f6nnen der Verarbeitung Ihrer personenbezogenen  Daten f\u00fcr Zwecke der Werbung und Datenanalyse jederzeit widersprechen.  Das Widerspruchsrecht k\u00f6nnen Sie kostenfrei aus\u00fcben. \u00dcber Ihren  Werbewiderspruch k\u00f6nnen Sie uns unter folgenden Kontaktdaten  informieren:<br><br>Akkordeonorchester Aichhalden-R\u00f6tenberg <\/strong>,<strong>Yvonne Haberer<br>Buz 15<br>78733 Aichhalden<br>E-Mail-Adresse: info@ako-airoe.de<br><\/strong>                  <br><\/li><li><strong>Recht auf Auskunft<\/strong><br> Sie haben das Recht, von uns eine Best\u00e4tigung dar\u00fcber zu  verlangen, ob Sie betreffende personenbezogene Daten verarbeitet werden.  Sofern dies der Fall ist, haben Sie ein Recht auf Auskunft \u00fcber Ihre  bei uns gespeicherten pers\u00f6nlichen Daten nach Art. 15 DS-GVO. Dies  beinhaltet insbesondere die Auskunft \u00fcber die Verarbeitungszwecke, die  Kategorie der personenbezogenen Daten, die Kategorien von Empf\u00e4ngern,  gegen\u00fcber denen Ihre Daten offengelegt wurden oder werden, die geplante  Speicherdauer, die Herkunft ihrer Daten, sofern diese nicht direkt bei  Ihnen erhoben wurden.<br><br><\/li><li><strong>Recht auf Berichtigung<\/strong><br> Sie haben ein Recht auf Berichtigung unrichtiger oder auf Vervollst\u00e4ndigung richtiger Daten nach Art. 16 DS-GVO. <br><br> <\/li><li><strong>Recht auf L\u00f6schung<\/strong><br> Sie haben ein Recht auf L\u00f6schung Ihrer bei uns gespeicherten Daten  nach Art. 17 DS-GVO, es sei denn gesetzliche oder vertraglichen  Aufbewahrungsfristen oder andere gesetzliche Pflichten bzw. Rechte zur  weiteren Speicherung stehen dieser entgegen. <br><br> <\/li><li><strong>Recht auf Einschr\u00e4nkung<\/strong><br> Sie haben das Recht, eine Einschr\u00e4nkung bei der Verarbeitung Ihrer  personenbezogenen Daten zu verlangen, wenn eine der Voraussetzungen in  Art. 18 Abs. 1 lit. a) bis d) DS-GVO erf\u00fcllt ist:<br> \u2022 Wenn Sie die Richtigkeit der Sie betreffenden personenbezogenen  f\u00fcr eine Dauer bestreiten, die es dem Verantwortlichen erm\u00f6glicht, die  Richtigkeit der personenbezogenen Daten zu \u00fcberpr\u00fcfen;<br><br> \u2022 die Verarbeitung unrechtm\u00e4\u00dfig ist und Sie die L\u00f6schung der  personenbezogenen Daten ablehnen und stattdessen die Einschr\u00e4nkung der  Nutzung der personenbezogenen Daten verlangen;<br><br> \u2022 der Verantwortliche die personenbezogenen Daten f\u00fcr die Zwecke  der Verarbeitung nicht l\u00e4nger ben\u00f6tigt, Sie diese jedoch zur  Geltendmachung, Aus\u00fcbung oder Verteidigung von Rechtsanspr\u00fcchen  ben\u00f6tigen, oder<br><br> \u2022 wenn Sie Widerspruch gegen die Verarbeitung gem\u00e4\u00df Art. 21 Abs. 1  DS-GVO eingelegt haben und noch nicht feststeht, ob die berechtigten  Gr\u00fcnde des Verantwortlichen gegen\u00fcber Ihren Gr\u00fcnden \u00fcberwiegen.<br><br> <\/li><li><strong>Recht auf Daten\u00fcbertragbarkeit<\/strong><br> Sie haben ein Recht auf Daten\u00fcbertragbarkeit nach Art. 20 DS-GVO,  was bedeutet, dass Sie die bei uns \u00fcber Sie gespeicherten  personenbezogenen Daten in einem strukturierten, g\u00e4ngigen und  maschinenlesbaren Format erhalten k\u00f6nnen oder die \u00dcbermittlung an einen  anderen Verantwortlichen verlangen k\u00f6nnen. <br><br> <\/li><li><strong>Recht auf Beschwerde<\/strong><br> Sie haben ein Recht auf Beschwerde bei einer Aufsichtsbeh\u00f6rde. In  der Regel k\u00f6nnen Sie sich hierf\u00fcr an die Aufsichtsbeh\u00f6rde insbesondere  in dem Mitgliedstaat ihres Aufenthaltsorts, ihres Arbeitsplatzes oder  des Orts des mutma\u00dflichen Versto\u00dfes wenden. <br><br> <\/li><\/ol>\n\n\n\n<p><strong>Datensicherheit<\/strong><\/p>\n\n\n\n<p>Um alle personenbezogen Daten, die an uns \u00fcbermittelt werden, zu  sch\u00fctzen und um sicherzustellen, dass die Datenschutzvorschriften von  uns, aber auch unseren externen Dienstleistern eingehalten werden, haben  wir geeignete technische und organisatorische Sicherheitsma\u00dfnahmen  getroffen. Deshalb werden unter anderem alle Daten zwischen Ihrem  Browser und unserem Server \u00fcber eine sichere SSL-Verbindung  verschl\u00fcsselt \u00fcbertragen.<br><br><strong>Stand: 03.03.2021<\/strong><\/p>\n\n\n\n<p>Quelle: <a href=\"https:\/\/www.juraforum.de\/impressum-generator\/\">Muster-Datenschutzerkl\u00e4rung von JuraForum.de<\/a><\/p>\n","protected":false},"excerpt":{"rendered":"<p>Disclaimer \u2013 rechtliche Hinweise \u00a7 1 Warnhinweis zu Inhalten Die kostenlosen und frei zug\u00e4nglichen Inhalte dieser Webseite wurden mit gr\u00f6\u00dftm\u00f6glicher Sorgfalt erstellt. Der Anbieter dieser Webseite \u00fcbernimmt jedoch keine Gew\u00e4hr f\u00fcr die Richtigkeit und Aktualit\u00e4t der bereitgestellten kostenlosen und frei zug\u00e4nglichen journalistischen Ratgeber und Nachrichten. Namentlich gekennzeichnete Beitr\u00e4ge geben die Meinung des jeweiligen Autors und [&hellip;]<\/p>\n","protected":false},"author":44,"featured_media":0,"parent":0,"menu_order":7,"comment_status":"closed","ping_status":"closed","template":"","meta":[],"_links":{"self":[{"href":"http:\/\/www.ako-airoe.de\/index.php?rest_route=\/wp\/v2\/pages\/4196"}],"collection":[{"href":"http:\/\/www.ako-airoe.de\/index.php?rest_route=\/wp\/v2\/pages"}],"about":[{"href":"http:\/\/www.ako-airoe.de\/index.php?rest_route=\/wp\/v2\/types\/page"}],"author":[{"embeddable":true,"href":"http:\/\/www.ako-airoe.de\/index.php?rest_route=\/wp\/v2\/users\/44"}],"replies":[{"embeddable":true,"href":"http:\/\/www.ako-airoe.de\/index.php?rest_route=%2Fwp%2Fv2%2Fcomments&post=4196"}],"version-history":[{"count":9,"href":"http:\/\/www.ako-airoe.de\/index.php?rest_route=\/wp\/v2\/pages\/4196\/revisions"}],"predecessor-version":[{"id":4827,"href":"http:\/\/www.ako-airoe.de\/index.php?rest_route=\/wp\/v2\/pages\/4196\/revisions\/4827"}],"wp:attachment":[{"href":"http:\/\/www.ako-airoe.de\/index.php?rest_route=%2Fwp%2Fv2%2Fmedia&parent=4196"}],"curies":[{"name":"wp","href":"https:\/\/api.w.org\/{rel}","templated":true}]}}